{"id":573,"date":"2023-01-13T22:18:06","date_gmt":"2023-01-14T01:18:06","guid":{"rendered":"http:\/\/expomus.com.br\/wp_homolog2022\/team\/"},"modified":"2026-03-14T19:21:20","modified_gmt":"2026-03-14T22:21:20","slug":"team","status":"publish","type":"page","link":"https:\/\/expomus.com.br\/en\/team\/","title":{"rendered":"Team"},"content":{"rendered":"\n<p>Our group of collaborators is formed by an interdisciplinary team and consultants specialized in various areas of knowledge \u2013 which impresses our achievements an innovative and collaborative character, from conceptualization to the final evaluation of each project.<\/p>\n\n<p>Acting in collaboration is the soul of Expomus. We work with a network of professional partners, specialists in various areas, which we invite according to the profile of each project.<\/p>\n\n<div  class=\"custom-block equipe-expomus \">\n    <h2 class=\"tit-secao\">Team<\/h2>\n    <div class=\"grid-itens\">\n    \n        <div class=\"card-equipe\">\n                    <figure class=\"img-pessoa\">\n                <img loading=\"lazy\" decoding=\"async\" width=\"588\" height=\"627\" src=\"https:\/\/expomus.com.br\/wp-content\/uploads\/2023\/06\/Foto-MI_Mini-Bio.jpg\" class=\"attachment-large size-large\" alt=\"\" \/>            <\/figure>\n            <div class=\"info-pessoa\">\n                <h3 class=\"nome\">Maria Ignez Zuccon Mantovani Franco<\/h3>\n                <span class=\"cargo\">Director-General<\/span>\n                <div class=\"mais-info\">\n                    <button class=\"bt-info bt-vermais\" aria-label=\"Clique para ver mais informa\u00e7\u00f5es da pessoa\">\n                        <svg version=\"1.1\" id=\"Camada_1\" xmlns=\"http:\/\/www.w3.org\/2000\/svg\" x=\"0px\" y=\"0px\" viewBox=\"-66.6 174 446.6 446.6\" xml:space=\"preserve\">\n                            <g>\n                                <path d=\"M314.6,239.4c-87.2-87.2-228.6-87.2-315.8,0s-87.2,228.6,0,315.8s228.6,87.2,315.8,0C401.8,467.9,401.8,326.6,314.6,239.4\n                                         M294.9,535.4C110.6,719.6-165.6,443.3,18.6,259.1C202.8,74.9,479.1,351.2,294.9,535.4\"\/>\n                                <polygon points=\"170.7,278.9 142.8,278.9 142.8,383.3 38.4,383.3 38.4,411.2 142.8,411.2 142.8,515.6 170.7,515.6 \n                                                 170.7,411.2 275.1,411.2 275.1,383.3 170.7,383.3 \t\"\/>\n                            <\/g>\n                        <\/svg>\n                    <\/button>\n                                        <a href=\"https:\/\/www.linkedin.com\/in\/maria-ignez-mantovani-franco-b593b513\/\" target=\"_blank\" class=\"bt-info\" aria-label=\"Link para o perfil da pessoa no LinkedIn\">\n                        <svg version=\"1.1\" xmlns=\"http:\/\/www.w3.org\/2000\/svg\" x=\"0px\" y=\"0px\" viewBox=\"0 0 39.6 39.6\" xml:space=\"preserve\">\n                            <g class=\"ico\">\n                                <path d=\"M19.8,0C8.9,0,0,8.9,0,19.8s8.9,19.8,19.8,19.8c10.9,0,19.8-8.9,19.8-19.8S30.7,0,19.8,0 M15.1,28.3h-3.9V15.5\n                                         h3.9V28.3z M13.1,13.9c-1.3,0-2.3-1.1-2.3-2.3c0-1.3,1-2.3,2.3-2.3c1.3,0,2.3,1.1,2.3,2.3C15.4,12.8,14.4,13.9,13.1,13.9\n                                         M29.8,28.3h-3.9v-6.7c0-1.8-0.7-2.9-2.1-2.9c-1.6,0-2.4,1.1-2.4,2.9v6.7h-3.8V15.5h3.8v1.7c0,0,1.1-2.1,3.8-2.1s4.6,1.6,4.6,5.1\n                                         V28.3z\"\/>\n                            <\/g>\n                        <\/svg>\n                    <\/a>\n                                    <\/div>\n                <div class=\"mini-bio\">\n                    <p>PhD in Museology from Universidade Lus\u00f3fona (Lisbon). Founder and Director of Expomus, a museum advisory company that holds national and international exhibitions of art, culture, science and the environment; develops projects of planning, creation and requalification of museums and acts in the area of collection management.<\/p>\n<p>President of ICOM Brazil between 2012 and 2018. Member of the Museological Heritage Council of the Brazilian Institute of Museums &#8211; IBRAM &#8211; of the Ministry of Culture, between 2014 and 2019. Member of the Council of Culture and Creative Economy of the State of S\u00e3o Paulo (2021|2022) and of the Group of Facilitators of the Brazilian Forum for Cultural Rights. Member of the Advisory Board of the Brazilian Association of Business Communication &#8211; ABERJE and of the<br \/>\nAdvisory Board of the Imagine Brasil Program of the Dom Cabral Foundation.<\/p>\n<p>Content Coordinator of the MBA in Museum Management of S\u00e3o Paulo, in partnership with the Brazilian Association of Cultural Management | ABGC and Candido Mendes University. Awarded by the Ministry of Culture with the Order of Cultural Merit, granted by the Brazilian Government, in 2017. Appointed by the Ministry of Culture of the French Republic &#8220;Chevalier dans l&#8217;\u00d3rdre des Arts et des Lettres&#8221; in 2019. Receives the Waldisa R\u00fassio Camargo Guarnieri Medal of Museum Merit, awarded by the Government of the State of S\u00e3o Paulo, in 2021. Awarded the Tarsila do Amaral Medal for her contribution to the Culture of the State of S\u00e3o Paulo, in 2022.<\/p>\n                <\/div>\n            <\/div>\n        <\/div>\n  \n        \n    \n        <div class=\"card-equipe\">\n                    <figure class=\"img-pessoa\">\n                <img loading=\"lazy\" decoding=\"async\" width=\"495\" height=\"538\" src=\"https:\/\/expomus.com.br\/wp-content\/uploads\/2023\/03\/IMG-2494.jpg\" class=\"attachment-large size-large\" alt=\"\" \/>            <\/figure>\n            <div class=\"info-pessoa\">\n                <h3 class=\"nome\">Cl\u00e1udia Ciarrocchi Ferreira <\/h3>\n                <span class=\"cargo\">Manager<\/span>\n                <div class=\"mais-info\">\n                    <button class=\"bt-info bt-vermais\" aria-label=\"Clique para ver mais informa\u00e7\u00f5es da pessoa\">\n                        <svg version=\"1.1\" id=\"Camada_1\" xmlns=\"http:\/\/www.w3.org\/2000\/svg\" x=\"0px\" y=\"0px\" viewBox=\"-66.6 174 446.6 446.6\" xml:space=\"preserve\">\n                            <g>\n                                <path d=\"M314.6,239.4c-87.2-87.2-228.6-87.2-315.8,0s-87.2,228.6,0,315.8s228.6,87.2,315.8,0C401.8,467.9,401.8,326.6,314.6,239.4\n                                         M294.9,535.4C110.6,719.6-165.6,443.3,18.6,259.1C202.8,74.9,479.1,351.2,294.9,535.4\"\/>\n                                <polygon points=\"170.7,278.9 142.8,278.9 142.8,383.3 38.4,383.3 38.4,411.2 142.8,411.2 142.8,515.6 170.7,515.6 \n                                                 170.7,411.2 275.1,411.2 275.1,383.3 170.7,383.3 \t\"\/>\n                            <\/g>\n                        <\/svg>\n                    <\/button>\n                                    <\/div>\n                <div class=\"mini-bio\">\n                    <p>Lawyer, consultant in <em>compliance, cultural<\/em> producer, currently manager of Expomus. She was coordinator of the Monitoring and Management Contracts Unit of the Secretariat of Culture and Creative Economy of the State of S\u00e3o Paulo, served as Superintendent of the Amigos da Cinemateca Society and as manager of tax and business consulting at PwC.<\/p>\n<p>She is a professor of the MBA in Museum Management of the Brazilian Association of Cultural Management (ABGC), facilitator of the Brazilian Forum for Cultural Rights and member of the Board of Directors of the Social Organization of Culture.<\/p>\n<p>He was a member of the Evaluation Committee of Module I of the Audir Blanc Law Projects of the Municipal Department of Culture of the City of S\u00e3o Paulo in 2020 <em>and controller of projects contemplated<\/em> by edicts of the Aldir Blanc Law of the Secretariat of Culture and Creative Economy of the State of S\u00e3o Paulo.<\/p>\n                <\/div>\n            <\/div>\n        <\/div>\n  \n        \n    \n        <div class=\"card-equipe\">\n                    <figure class=\"img-pessoa\">\n                <img loading=\"lazy\" decoding=\"async\" width=\"760\" height=\"740\" src=\"https:\/\/expomus.com.br\/wp-content\/uploads\/2023\/03\/Screenshot_20210618-221245.png\" class=\"attachment-large size-large\" alt=\"\" \/>            <\/figure>\n            <div class=\"info-pessoa\">\n                <h3 class=\"nome\">J\u00falia Serra Young Picchioni<\/h3>\n                <span class=\"cargo\">Coordinator of the Museology Center<\/span>\n                <div class=\"mais-info\">\n                    <button class=\"bt-info bt-vermais\" aria-label=\"Clique para ver mais informa\u00e7\u00f5es da pessoa\">\n                        <svg version=\"1.1\" id=\"Camada_1\" xmlns=\"http:\/\/www.w3.org\/2000\/svg\" x=\"0px\" y=\"0px\" viewBox=\"-66.6 174 446.6 446.6\" xml:space=\"preserve\">\n                            <g>\n                                <path d=\"M314.6,239.4c-87.2-87.2-228.6-87.2-315.8,0s-87.2,228.6,0,315.8s228.6,87.2,315.8,0C401.8,467.9,401.8,326.6,314.6,239.4\n                                         M294.9,535.4C110.6,719.6-165.6,443.3,18.6,259.1C202.8,74.9,479.1,351.2,294.9,535.4\"\/>\n                                <polygon points=\"170.7,278.9 142.8,278.9 142.8,383.3 38.4,383.3 38.4,411.2 142.8,411.2 142.8,515.6 170.7,515.6 \n                                                 170.7,411.2 275.1,411.2 275.1,383.3 170.7,383.3 \t\"\/>\n                            <\/g>\n                        <\/svg>\n                    <\/button>\n                                        <a href=\"https:\/\/www.linkedin.com\/in\/julia-picchioni-491776a8\/\" target=\"_blank\" class=\"bt-info\" aria-label=\"Link para o perfil da pessoa no LinkedIn\">\n                        <svg version=\"1.1\" xmlns=\"http:\/\/www.w3.org\/2000\/svg\" x=\"0px\" y=\"0px\" viewBox=\"0 0 39.6 39.6\" xml:space=\"preserve\">\n                            <g class=\"ico\">\n                                <path d=\"M19.8,0C8.9,0,0,8.9,0,19.8s8.9,19.8,19.8,19.8c10.9,0,19.8-8.9,19.8-19.8S30.7,0,19.8,0 M15.1,28.3h-3.9V15.5\n                                         h3.9V28.3z M13.1,13.9c-1.3,0-2.3-1.1-2.3-2.3c0-1.3,1-2.3,2.3-2.3c1.3,0,2.3,1.1,2.3,2.3C15.4,12.8,14.4,13.9,13.1,13.9\n                                         M29.8,28.3h-3.9v-6.7c0-1.8-0.7-2.9-2.1-2.9c-1.6,0-2.4,1.1-2.4,2.9v6.7h-3.8V15.5h3.8v1.7c0,0,1.1-2.1,3.8-2.1s4.6,1.6,4.6,5.1\n                                         V28.3z\"\/>\n                            <\/g>\n                        <\/svg>\n                    <\/a>\n                                    <\/div>\n                <div class=\"mini-bio\">\n                    <p>Social Scientist at PUC-SP and post-graduated in Curatorship and Education in Art Museums from the Museum of Contemporary Art of USP, for 20 years she has been working for museums. In this time, he accumulated experience in management, research, preservation and documentation of collections, design and curatorship of exhibitions, cultural programming and educational projects.<\/p>\n<p>Among the organizations in which he worked, stand out the Museum of the Portuguese Language, the Football Museum, the Immigration Museum and the Afro Brazil Museum. He also worked on the design and implementation projects of the Samba And Carnival Memorial of S\u00e3o Paulo and the Museum of the City of S\u00e3o Paulo.<\/p>\n<p>He coordinates the Museology Center of Expomus, where he plans and executes<br \/>\ndifferent projects, being responsible for managing teams, activities, budgets and schedules.<\/p>\n                <\/div>\n            <\/div>\n        <\/div>\n  \n        \n    \n        <div class=\"card-equipe\">\n                    <figure class=\"img-pessoa\">\n                <img loading=\"lazy\" decoding=\"async\" width=\"906\" height=\"793\" src=\"https:\/\/expomus.com.br\/wp-content\/uploads\/2023\/02\/Luiza-Giandalia.png\" class=\"attachment-large size-large\" alt=\"\" \/>            <\/figure>\n            <div class=\"info-pessoa\">\n                <h3 class=\"nome\">Luiza Giandalia<\/h3>\n                <span class=\"cargo\">Museological Project Coordinator<\/span>\n                <div class=\"mais-info\">\n                    <button class=\"bt-info bt-vermais\" aria-label=\"Clique para ver mais informa\u00e7\u00f5es da pessoa\">\n                        <svg version=\"1.1\" id=\"Camada_1\" xmlns=\"http:\/\/www.w3.org\/2000\/svg\" x=\"0px\" y=\"0px\" viewBox=\"-66.6 174 446.6 446.6\" xml:space=\"preserve\">\n                            <g>\n                                <path d=\"M314.6,239.4c-87.2-87.2-228.6-87.2-315.8,0s-87.2,228.6,0,315.8s228.6,87.2,315.8,0C401.8,467.9,401.8,326.6,314.6,239.4\n                                         M294.9,535.4C110.6,719.6-165.6,443.3,18.6,259.1C202.8,74.9,479.1,351.2,294.9,535.4\"\/>\n                                <polygon points=\"170.7,278.9 142.8,278.9 142.8,383.3 38.4,383.3 38.4,411.2 142.8,411.2 142.8,515.6 170.7,515.6 \n                                                 170.7,411.2 275.1,411.2 275.1,383.3 170.7,383.3 \t\"\/>\n                            <\/g>\n                        <\/svg>\n                    <\/button>\n                                    <\/div>\n                <div class=\"mini-bio\">\n                    <p>Luiza Giandalia holds a Master&#8217;s degree in Museology from the Inter-Graduate Program in Museology of the University of S\u00e3o Paulo (2021), Specialist in Museology, Collectionism and Curatorship from the Centro Universit\u00e1rio Belas Artes de S\u00e3o Paulo (2014) and a bachelor&#8217;s degree in History (bachelor&#8217;s and bachelor&#8217;s degree) from the Pontifical Catholic University of S\u00e3o Paulo (2012).<\/p>\n<p>His experience in the field of Museology has an emphasis on research, curation and project management. Among its main qualifications are production and assistance of projects in the cultural area &#8211; exhibitions and museums; research and production of content &#8211; development, organization and editing of content for various media, with emphasis on exhibition languages.<\/p>\n<p>She worked as a Researcher at the S\u00e3o Paulo Resistance Memorial (2015-2020) and is currently coordinator of museum projects at Expomus.<\/p>\n                <\/div>\n            <\/div>\n        <\/div>\n  \n        \n    \n        <div class=\"card-equipe\">\n                    <figure class=\"img-pessoa\">\n                <img loading=\"lazy\" decoding=\"async\" width=\"653\" height=\"747\" src=\"https:\/\/expomus.com.br\/wp-content\/uploads\/2023\/02\/Camila.jpeg\" class=\"attachment-large size-large\" alt=\"\" \/>            <\/figure>\n            <div class=\"info-pessoa\">\n                <h3 class=\"nome\">Camila Djurovic<\/h3>\n                <span class=\"cargo\">Museological Project Coordinator<\/span>\n                <div class=\"mais-info\">\n                    <button class=\"bt-info bt-vermais\" aria-label=\"Clique para ver mais informa\u00e7\u00f5es da pessoa\">\n                        <svg version=\"1.1\" id=\"Camada_1\" xmlns=\"http:\/\/www.w3.org\/2000\/svg\" x=\"0px\" y=\"0px\" viewBox=\"-66.6 174 446.6 446.6\" xml:space=\"preserve\">\n                            <g>\n                                <path d=\"M314.6,239.4c-87.2-87.2-228.6-87.2-315.8,0s-87.2,228.6,0,315.8s228.6,87.2,315.8,0C401.8,467.9,401.8,326.6,314.6,239.4\n                                         M294.9,535.4C110.6,719.6-165.6,443.3,18.6,259.1C202.8,74.9,479.1,351.2,294.9,535.4\"\/>\n                                <polygon points=\"170.7,278.9 142.8,278.9 142.8,383.3 38.4,383.3 38.4,411.2 142.8,411.2 142.8,515.6 170.7,515.6 \n                                                 170.7,411.2 275.1,411.2 275.1,383.3 170.7,383.3 \t\"\/>\n                            <\/g>\n                        <\/svg>\n                    <\/button>\n                                        <a href=\"https:\/\/www.linkedin.com\/in\/camila-alvarez-djurovic-a343517b\/\" target=\"_blank\" class=\"bt-info\" aria-label=\"Link para o perfil da pessoa no LinkedIn\">\n                        <svg version=\"1.1\" xmlns=\"http:\/\/www.w3.org\/2000\/svg\" x=\"0px\" y=\"0px\" viewBox=\"0 0 39.6 39.6\" xml:space=\"preserve\">\n                            <g class=\"ico\">\n                                <path d=\"M19.8,0C8.9,0,0,8.9,0,19.8s8.9,19.8,19.8,19.8c10.9,0,19.8-8.9,19.8-19.8S30.7,0,19.8,0 M15.1,28.3h-3.9V15.5\n                                         h3.9V28.3z M13.1,13.9c-1.3,0-2.3-1.1-2.3-2.3c0-1.3,1-2.3,2.3-2.3c1.3,0,2.3,1.1,2.3,2.3C15.4,12.8,14.4,13.9,13.1,13.9\n                                         M29.8,28.3h-3.9v-6.7c0-1.8-0.7-2.9-2.1-2.9c-1.6,0-2.4,1.1-2.4,2.9v6.7h-3.8V15.5h3.8v1.7c0,0,1.1-2.1,3.8-2.1s4.6,1.6,4.6,5.1\n                                         V28.3z\"\/>\n                            <\/g>\n                        <\/svg>\n                    <\/a>\n                                    <\/div>\n                <div class=\"mini-bio\">\n                    <div>\n<div>\n<div>Historian graduated from the University of S\u00e3o Paulo, with a master&#8217;s degree in Economic History from the same university, a specialization in Museology, Culture and Education from PUC-SP and an MBA in Museum Management and Innovation from Unimais\/ABGC.<\/div>\n<div><\/div>\n<p>She works in the area of museums and exhibitions, focusing on research, curatorship, project management and institutional planning. She was a researcher at the S\u00e3o Paulo Resistance Memorial (2016-2021) and is currently part of the Museology Center of Expomus as a project coordinator.<\/p>\n<\/div>\n<\/div>\n                <\/div>\n            <\/div>\n        <\/div>\n  \n        \n    \n        <div class=\"card-equipe\">\n                    <figure class=\"img-pessoa\">\n                <img loading=\"lazy\" decoding=\"async\" width=\"1440\" height=\"1920\" src=\"https:\/\/expomus.com.br\/wp-content\/uploads\/2023\/03\/20230203_195720-1440x1920.jpg\" class=\"attachment-large size-large\" alt=\"\" \/>            <\/figure>\n            <div class=\"info-pessoa\">\n                <h3 class=\"nome\">Patr\u00edcia Queiroz<\/h3>\n                <span class=\"cargo\">Coordinator of the Exhibition Center  <\/span>\n                <div class=\"mais-info\">\n                    <button class=\"bt-info bt-vermais\" aria-label=\"Clique para ver mais informa\u00e7\u00f5es da pessoa\">\n                        <svg version=\"1.1\" id=\"Camada_1\" xmlns=\"http:\/\/www.w3.org\/2000\/svg\" x=\"0px\" y=\"0px\" viewBox=\"-66.6 174 446.6 446.6\" xml:space=\"preserve\">\n                            <g>\n                                <path d=\"M314.6,239.4c-87.2-87.2-228.6-87.2-315.8,0s-87.2,228.6,0,315.8s228.6,87.2,315.8,0C401.8,467.9,401.8,326.6,314.6,239.4\n                                         M294.9,535.4C110.6,719.6-165.6,443.3,18.6,259.1C202.8,74.9,479.1,351.2,294.9,535.4\"\/>\n                                <polygon points=\"170.7,278.9 142.8,278.9 142.8,383.3 38.4,383.3 38.4,411.2 142.8,411.2 142.8,515.6 170.7,515.6 \n                                                 170.7,411.2 275.1,411.2 275.1,383.3 170.7,383.3 \t\"\/>\n                            <\/g>\n                        <\/svg>\n                    <\/button>\n                                    <\/div>\n                <div class=\"mini-bio\">\n                    <p>Since 1993 he has been working in the cultural area. She was a museology technician at the National Museum of Ethnology, in Lisbon, between 1993 and 2001. Since 2002, she has been a cultural producer, acting mainly as coordinator and executive producer at EXPOMUS for the realization of exhibitions in Brazil and abroad. Of the most important and recent projects, the following stand out, among others: <em>War and Peace <\/em>(2010-2014); <em>Europalia Brasil <\/em>(2011); <em>Impressionism \u2013 Paris and Modernity<\/em> (2012\/2013); <em>Heritage of the Sacred: masterpieces from the Vatican and Italian Museums<\/em> (2013); <em>Mayas \u2013 revelation of an endless time<\/em> (2014); <em>Picasso and Spanish Modernity \u2013 Works from the Collection of the Museo Nacional Centro de Arte Reina Sof\u00eda<\/em> (2015); <em>The triumph of color \u2013 Masterpieces from the Mus\u00e9e d&#8217;Orsay and the Mus\u00e9e de l&#8217;Orangerie<\/em> (2016); <em>Jamaica, Jamaica<\/em> (2018) and <em>Paul Klee \u2013 Unstable Equilibrium<\/em> (2019).<\/p>\n                <\/div>\n            <\/div>\n        <\/div>\n  \n        \n    \n        <div class=\"card-equipe\">\n                    <figure class=\"img-pessoa\">\n                <img loading=\"lazy\" decoding=\"async\" width=\"759\" height=\"1084\" src=\"https:\/\/expomus.com.br\/wp-content\/uploads\/2023\/02\/WhatsApp-Image-2023-02-14-at-14.11.59.jpeg\" class=\"attachment-large size-large\" alt=\"\" \/>            <\/figure>\n            <div class=\"info-pessoa\">\n                <h3 class=\"nome\">Alessandra Labate Rosso<\/h3>\n                <span class=\"cargo\">Coordinator of the Collections Center  <\/span>\n                <div class=\"mais-info\">\n                    <button class=\"bt-info bt-vermais\" aria-label=\"Clique para ver mais informa\u00e7\u00f5es da pessoa\">\n                        <svg version=\"1.1\" id=\"Camada_1\" xmlns=\"http:\/\/www.w3.org\/2000\/svg\" x=\"0px\" y=\"0px\" viewBox=\"-66.6 174 446.6 446.6\" xml:space=\"preserve\">\n                            <g>\n                                <path d=\"M314.6,239.4c-87.2-87.2-228.6-87.2-315.8,0s-87.2,228.6,0,315.8s228.6,87.2,315.8,0C401.8,467.9,401.8,326.6,314.6,239.4\n                                         M294.9,535.4C110.6,719.6-165.6,443.3,18.6,259.1C202.8,74.9,479.1,351.2,294.9,535.4\"\/>\n                                <polygon points=\"170.7,278.9 142.8,278.9 142.8,383.3 38.4,383.3 38.4,411.2 142.8,411.2 142.8,515.6 170.7,515.6 \n                                                 170.7,411.2 275.1,411.2 275.1,383.3 170.7,383.3 \t\"\/>\n                            <\/g>\n                        <\/svg>\n                    <\/button>\n                                        <a href=\"https:\/\/www.linkedin.com\/in\/alessandra-labate-rosso-76a6037a\/\" target=\"_blank\" class=\"bt-info\" aria-label=\"Link para o perfil da pessoa no LinkedIn\">\n                        <svg version=\"1.1\" xmlns=\"http:\/\/www.w3.org\/2000\/svg\" x=\"0px\" y=\"0px\" viewBox=\"0 0 39.6 39.6\" xml:space=\"preserve\">\n                            <g class=\"ico\">\n                                <path d=\"M19.8,0C8.9,0,0,8.9,0,19.8s8.9,19.8,19.8,19.8c10.9,0,19.8-8.9,19.8-19.8S30.7,0,19.8,0 M15.1,28.3h-3.9V15.5\n                                         h3.9V28.3z M13.1,13.9c-1.3,0-2.3-1.1-2.3-2.3c0-1.3,1-2.3,2.3-2.3c1.3,0,2.3,1.1,2.3,2.3C15.4,12.8,14.4,13.9,13.1,13.9\n                                         M29.8,28.3h-3.9v-6.7c0-1.8-0.7-2.9-2.1-2.9c-1.6,0-2.4,1.1-2.4,2.9v6.7h-3.8V15.5h3.8v1.7c0,0,1.1-2.1,3.8-2.1s4.6,1.6,4.6,5.1\n                                         V28.3z\"\/>\n                            <\/g>\n                        <\/svg>\n                    <\/a>\n                                    <\/div>\n                <div class=\"mini-bio\">\n                    <p>Graduated in Visual Communication (1986) and industrial design (1987) from FAAP \u2013 Funda\u00e7\u00e3o Armando \u00c1lvares Penteado, she took a specialization course in Museology at the Universit\u00e1 Internazionale Dell \u0301Arte in Florence, Italy (1989). He worked at the Museum of Contemporary Art of USP between 1984 and 1987 and since 1988 works with Expomus.<\/p>\n<p>During these 35 years, he worked in the technical area in collection controls in several projects of national and international exhibitions, management of collections and complementary projects in the implementation of new museums or revitalization of existing museums, as well as technical reserve projects.<\/p>\n<p>He is a member of the International Council of Museums (ICOM) and since 2013 he has been a member of the <em>Board<\/em> of ICAMT \u2013 ICOM&#8217;s International Committee of Architecture and Museographic Techniques. In the 2023-2025 term, she also served as treasurer.<\/p>\n<p>He is a member of the ICOM Technical Reserve Collections Working Group in 2022-2025. He is part of the Italian Association of Registrars &#8211; Registrarte. Since 2014, she is also the technical director of Cl\u00e9 Reserva Contempor\u00e2nea, effectively participating in the technical operation and in the interface with clients in the area of Museums and Private Collections.<\/p>\n                <\/div>\n            <\/div>\n        <\/div>\n  \n        \n    \n        <div class=\"card-equipe\">\n                    <figure class=\"img-pessoa\">\n                <img loading=\"lazy\" decoding=\"async\" width=\"893\" height=\"1024\" src=\"https:\/\/expomus.com.br\/wp-content\/uploads\/2023\/02\/BEATRIZ-ISSHIKI_EXPOMUS.jpeg\" class=\"attachment-large size-large\" alt=\"\" \/>            <\/figure>\n            <div class=\"info-pessoa\">\n                <h3 class=\"nome\">Beatriz Isshiki de Rezende<\/h3>\n                <span class=\"cargo\">Project Coordinator | Collections Center  <\/span>\n                <div class=\"mais-info\">\n                    <button class=\"bt-info bt-vermais\" aria-label=\"Clique para ver mais informa\u00e7\u00f5es da pessoa\">\n                        <svg version=\"1.1\" id=\"Camada_1\" xmlns=\"http:\/\/www.w3.org\/2000\/svg\" x=\"0px\" y=\"0px\" viewBox=\"-66.6 174 446.6 446.6\" xml:space=\"preserve\">\n                            <g>\n                                <path d=\"M314.6,239.4c-87.2-87.2-228.6-87.2-315.8,0s-87.2,228.6,0,315.8s228.6,87.2,315.8,0C401.8,467.9,401.8,326.6,314.6,239.4\n                                         M294.9,535.4C110.6,719.6-165.6,443.3,18.6,259.1C202.8,74.9,479.1,351.2,294.9,535.4\"\/>\n                                <polygon points=\"170.7,278.9 142.8,278.9 142.8,383.3 38.4,383.3 38.4,411.2 142.8,411.2 142.8,515.6 170.7,515.6 \n                                                 170.7,411.2 275.1,411.2 275.1,383.3 170.7,383.3 \t\"\/>\n                            <\/g>\n                        <\/svg>\n                    <\/button>\n                                    <\/div>\n                <div class=\"mini-bio\">\n                    <p>Bachelor of Fine Arts from Faculdade Santa Marcelina (2005-2008), <i>holds a Master I<\/i> degree in Mediation of Culture and Heritage from Universit\u00e9 d&#8217;Avignon, France (2011-2012) and MBA in Museum Management from Candido Mendes College (2019-2021). Since 2012 he has worked at Expomus as a technical assistant in the collections center, working in the area of management of private and institutional collections with activities related to cataloging, information management of works in computerized database, conservation, courier and logistics.<\/p>\n<p>Previously, he worked at Centro Cultural S\u00e3o Paulo with the collection of the City Art Collection, when he worked directly in activities related to the technical reserve and with the control of the collection (activities of handling, packaging, conservation, fine assembly, monitoring on display).<\/p>\n                <\/div>\n            <\/div>\n        <\/div>\n  \n        \n    \n        <div class=\"card-equipe\">\n                    <figure class=\"img-pessoa\">\n                <img loading=\"lazy\" decoding=\"async\" width=\"909\" height=\"1138\" src=\"https:\/\/expomus.com.br\/wp-content\/uploads\/2023\/03\/FOTO-DEBORA-OLTRAMARI.jpg\" class=\"attachment-large size-large\" alt=\"\" \/>            <\/figure>\n            <div class=\"info-pessoa\">\n                <h3 class=\"nome\">D\u00e9bora Oltramari<\/h3>\n                <span class=\"cargo\">Project Manager | Collections Center<\/span>\n                <div class=\"mais-info\">\n                    <button class=\"bt-info bt-vermais\" aria-label=\"Clique para ver mais informa\u00e7\u00f5es da pessoa\">\n                        <svg version=\"1.1\" id=\"Camada_1\" xmlns=\"http:\/\/www.w3.org\/2000\/svg\" x=\"0px\" y=\"0px\" viewBox=\"-66.6 174 446.6 446.6\" xml:space=\"preserve\">\n                            <g>\n                                <path d=\"M314.6,239.4c-87.2-87.2-228.6-87.2-315.8,0s-87.2,228.6,0,315.8s228.6,87.2,315.8,0C401.8,467.9,401.8,326.6,314.6,239.4\n                                         M294.9,535.4C110.6,719.6-165.6,443.3,18.6,259.1C202.8,74.9,479.1,351.2,294.9,535.4\"\/>\n                                <polygon points=\"170.7,278.9 142.8,278.9 142.8,383.3 38.4,383.3 38.4,411.2 142.8,411.2 142.8,515.6 170.7,515.6 \n                                                 170.7,411.2 275.1,411.2 275.1,383.3 170.7,383.3 \t\"\/>\n                            <\/g>\n                        <\/svg>\n                    <\/button>\n                                    <\/div>\n                <div class=\"mini-bio\">\n                    <p>Bachelor in Advertising from the University of Vale do Rio dos Sinos (RS) and postgraduate in Museum Management from the C\u00e2ndido Mendes University (RJ), she works as a cultural, executive and artistic producer, as well as a textile restorer. She is a member of the sector of material and intangible heritage with the Department of Culture of Paraty (RJ), works professionally as a manager in the Collections Center of Expomus.<\/p>\n<p>She was executive producer in the restoration of the church of Santa Rita and in the implementation of the Museum of Sacred Art of Paraty, acted as coordinator of external events at the Center for Jewish Culture (SP), was assistant director to filmmaker Jorge Furtado and producer of the short film  <em>Flores Island.<\/em>  Elaborated projects for cultural notices and was involved with the organization, recovery, hygiene and restoration of the collection of the now defunct ECOTV Angra and Paraty in the Center of Media, Arts and Technology; for several years he provided services to the Casa Azul Association at n\u00facleo RP Autores da FLIP \u2013 Festa Internacional de Paraty.<\/p>\n<p>She worked as a local producer of the Mimo Film Festival in Paraty and SP, worked at the Colibri Institute, in the production of cultural, artistic, environmental and sustainability projects focused on indigenous communities, quilombolas and cai\u00e7aras through projects contemplated in public notices and calls, among many other activities.<\/p>\n                <\/div>\n            <\/div>\n        <\/div>\n  \n        \n    \n        <div class=\"card-equipe\">\n                    <figure class=\"img-pessoa\">\n                <img loading=\"lazy\" decoding=\"async\" width=\"1080\" height=\"1920\" src=\"https:\/\/expomus.com.br\/wp-content\/uploads\/2024\/04\/20180518_165216-1080x1920.jpg\" class=\"attachment-large size-large\" alt=\"\" \/>            <\/figure>\n            <div class=\"info-pessoa\">\n                <h3 class=\"nome\">Adriana de Moraes Sarmento<\/h3>\n                <span class=\"cargo\">Assistant Director<\/span>\n                <div class=\"mais-info\">\n                    <button class=\"bt-info bt-vermais\" aria-label=\"Clique para ver mais informa\u00e7\u00f5es da pessoa\">\n                        <svg version=\"1.1\" id=\"Camada_1\" xmlns=\"http:\/\/www.w3.org\/2000\/svg\" x=\"0px\" y=\"0px\" viewBox=\"-66.6 174 446.6 446.6\" xml:space=\"preserve\">\n                            <g>\n                                <path d=\"M314.6,239.4c-87.2-87.2-228.6-87.2-315.8,0s-87.2,228.6,0,315.8s228.6,87.2,315.8,0C401.8,467.9,401.8,326.6,314.6,239.4\n                                         M294.9,535.4C110.6,719.6-165.6,443.3,18.6,259.1C202.8,74.9,479.1,351.2,294.9,535.4\"\/>\n                                <polygon points=\"170.7,278.9 142.8,278.9 142.8,383.3 38.4,383.3 38.4,411.2 142.8,411.2 142.8,515.6 170.7,515.6 \n                                                 170.7,411.2 275.1,411.2 275.1,383.3 170.7,383.3 \t\"\/>\n                            <\/g>\n                        <\/svg>\n                    <\/button>\n                                        <a href=\"https:\/\/www.linkedin.com\/in\/adriana-d-99996921\/\" target=\"_blank\" class=\"bt-info\" aria-label=\"Link para o perfil da pessoa no LinkedIn\">\n                        <svg version=\"1.1\" xmlns=\"http:\/\/www.w3.org\/2000\/svg\" x=\"0px\" y=\"0px\" viewBox=\"0 0 39.6 39.6\" xml:space=\"preserve\">\n                            <g class=\"ico\">\n                                <path d=\"M19.8,0C8.9,0,0,8.9,0,19.8s8.9,19.8,19.8,19.8c10.9,0,19.8-8.9,19.8-19.8S30.7,0,19.8,0 M15.1,28.3h-3.9V15.5\n                                         h3.9V28.3z M13.1,13.9c-1.3,0-2.3-1.1-2.3-2.3c0-1.3,1-2.3,2.3-2.3c1.3,0,2.3,1.1,2.3,2.3C15.4,12.8,14.4,13.9,13.1,13.9\n                                         M29.8,28.3h-3.9v-6.7c0-1.8-0.7-2.9-2.1-2.9c-1.6,0-2.4,1.1-2.4,2.9v6.7h-3.8V15.5h3.8v1.7c0,0,1.1-2.1,3.8-2.1s4.6,1.6,4.6,5.1\n                                         V28.3z\"\/>\n                            <\/g>\n                        <\/svg>\n                    <\/a>\n                                    <\/div>\n                <div class=\"mini-bio\">\n                    <p>Graduated in Journalism from the C\u00e1sper L\u00edbero Faculty of Social Communication, she has 30 years of experience as an executive assistant to the board of directors. He has been working in the Culture segment since 2014, when he became part of the Expomus team.<\/p>\n                <\/div>\n            <\/div>\n        <\/div>\n  \n        \n    \n        <div class=\"card-equipe\">\n                    <figure class=\"img-pessoa\">\n                <img loading=\"lazy\" decoding=\"async\" width=\"640\" height=\"640\" src=\"https:\/\/expomus.com.br\/wp-content\/uploads\/2025\/10\/Foto_Stephanie.jpg\" class=\"attachment-large size-large\" alt=\"\" \/>            <\/figure>\n            <div class=\"info-pessoa\">\n                <h3 class=\"nome\">Stephanie Colin<\/h3>\n                <span class=\"cargo\">Coordination Assistant | Exhibition Center  <\/span>\n                <div class=\"mais-info\">\n                    <button class=\"bt-info bt-vermais\" aria-label=\"Clique para ver mais informa\u00e7\u00f5es da pessoa\">\n                        <svg version=\"1.1\" id=\"Camada_1\" xmlns=\"http:\/\/www.w3.org\/2000\/svg\" x=\"0px\" y=\"0px\" viewBox=\"-66.6 174 446.6 446.6\" xml:space=\"preserve\">\n                            <g>\n                                <path d=\"M314.6,239.4c-87.2-87.2-228.6-87.2-315.8,0s-87.2,228.6,0,315.8s228.6,87.2,315.8,0C401.8,467.9,401.8,326.6,314.6,239.4\n                                         M294.9,535.4C110.6,719.6-165.6,443.3,18.6,259.1C202.8,74.9,479.1,351.2,294.9,535.4\"\/>\n                                <polygon points=\"170.7,278.9 142.8,278.9 142.8,383.3 38.4,383.3 38.4,411.2 142.8,411.2 142.8,515.6 170.7,515.6 \n                                                 170.7,411.2 275.1,411.2 275.1,383.3 170.7,383.3 \t\"\/>\n                            <\/g>\n                        <\/svg>\n                    <\/button>\n                                    <\/div>\n                <div class=\"mini-bio\">\n                    <p>Bachelor in history from PUC-SP, she has been working for 20 years as a cultural producer. At Expomus since 2011, he works as a coordination assistant at the Exhibition Center in projects such as: <i>Portinari&#8217;s War and Peace <\/i>(2010-2014); <i>Printing<wbr><\/wbr>\u2013 Paris and Modernity<\/i> (2012\/2013); <i><wbr><\/wbr>Heritage of the Sacred: masterpieces from the Vatican and Italian Museums<\/i> (2013); <i>Mayas \u2013 revelation of an endless time<\/i> (2014); <i>Picasso and Spanish Modernity \u2013 Works from the Collection of the Museo Nacional Centro de Arte Reina Sof\u00eda<\/i> (2015); <i>The triumph of color \u2013 Masterpieces from the Mus\u00e9e d&#8217;Orsay and the Mus\u00e9e de l&#8217;Orangerie<\/i> (2016) and <i>OSGEMEOS: our secrets (2022-2023).<\/i> <\/p>\n                <\/div>\n            <\/div>\n        <\/div>\n  \n        \n    \n        <div class=\"card-equipe\">\n                    <figure class=\"img-pessoa\">\n                <img loading=\"lazy\" decoding=\"async\" width=\"1200\" height=\"1599\" src=\"https:\/\/expomus.com.br\/wp-content\/uploads\/2025\/10\/Joelma-foto-e1760104713684.jpg\" class=\"attachment-large size-large\" alt=\"\" \/>            <\/figure>\n            <div class=\"info-pessoa\">\n                <h3 class=\"nome\">Joelma Rodrigues Vieira<\/h3>\n                <span class=\"cargo\">Administrative Analyst<\/span>\n                <div class=\"mais-info\">\n                    <button class=\"bt-info bt-vermais\" aria-label=\"Clique para ver mais informa\u00e7\u00f5es da pessoa\">\n                        <svg version=\"1.1\" id=\"Camada_1\" xmlns=\"http:\/\/www.w3.org\/2000\/svg\" x=\"0px\" y=\"0px\" viewBox=\"-66.6 174 446.6 446.6\" xml:space=\"preserve\">\n                            <g>\n                                <path d=\"M314.6,239.4c-87.2-87.2-228.6-87.2-315.8,0s-87.2,228.6,0,315.8s228.6,87.2,315.8,0C401.8,467.9,401.8,326.6,314.6,239.4\n                                         M294.9,535.4C110.6,719.6-165.6,443.3,18.6,259.1C202.8,74.9,479.1,351.2,294.9,535.4\"\/>\n                                <polygon points=\"170.7,278.9 142.8,278.9 142.8,383.3 38.4,383.3 38.4,411.2 142.8,411.2 142.8,515.6 170.7,515.6 \n                                                 170.7,411.2 275.1,411.2 275.1,383.3 170.7,383.3 \t\"\/>\n                            <\/g>\n                        <\/svg>\n                    <\/button>\n                                    <\/div>\n                <div class=\"mini-bio\">\n                    <p>Since 2003, responsible for administrative tasks and support to the Expomus team, such as launching and controlling accounts payable and receivable, bank reconciliations, purchasing, organizing documents and assisting in projects with great attention to detail.<\/p>\n                <\/div>\n            <\/div>\n        <\/div>\n  \n        \n    \n        <div class=\"card-equipe\">\n                    <figure class=\"img-pessoa\">\n                <img loading=\"lazy\" decoding=\"async\" width=\"1167\" height=\"1511\" src=\"https:\/\/expomus.com.br\/wp-content\/uploads\/2026\/03\/Foto-Camila-Souza.jpg\" class=\"attachment-large size-large\" alt=\"\" \/>            <\/figure>\n            <div class=\"info-pessoa\">\n                <h3 class=\"nome\">Camila Souza  <\/h3>\n                <span class=\"cargo\">Collection Manager<\/span>\n                <div class=\"mais-info\">\n                    <button class=\"bt-info bt-vermais\" aria-label=\"Clique para ver mais informa\u00e7\u00f5es da pessoa\">\n                        <svg version=\"1.1\" id=\"Camada_1\" xmlns=\"http:\/\/www.w3.org\/2000\/svg\" x=\"0px\" y=\"0px\" viewBox=\"-66.6 174 446.6 446.6\" xml:space=\"preserve\">\n                            <g>\n                                <path d=\"M314.6,239.4c-87.2-87.2-228.6-87.2-315.8,0s-87.2,228.6,0,315.8s228.6,87.2,315.8,0C401.8,467.9,401.8,326.6,314.6,239.4\n                                         M294.9,535.4C110.6,719.6-165.6,443.3,18.6,259.1C202.8,74.9,479.1,351.2,294.9,535.4\"\/>\n                                <polygon points=\"170.7,278.9 142.8,278.9 142.8,383.3 38.4,383.3 38.4,411.2 142.8,411.2 142.8,515.6 170.7,515.6 \n                                                 170.7,411.2 275.1,411.2 275.1,383.3 170.7,383.3 \t\"\/>\n                            <\/g>\n                        <\/svg>\n                    <\/button>\n                                    <\/div>\n                <div class=\"mini-bio\">\n                    <p>Graduated in Degree in Art Education from Funda\u00e7\u00e3o Armando \u00c1lvares Penteado (1998-2003), postgraduate in Art Curatorship from SENAC (2017-2018), technician in Archivology from ETEC Parque da Juventude (2023-2024) and Stage Techniques (set design and props) from SP Escola de Teatro (2012-2014).<\/p>\n<p>She began her career in 2004 as an educator in museums and worked in various cultural spaces. At Expomus, he works as a collection assistant in works such as cataloging, cleaning, packaging monitoring, transport and installation of works of art in private and institutional collections. He participated in the inventory of the collection of works of art of the Museum of Modern Art of S\u00e3o Paulo by Expomus. He worked at the Museum of Modern Art (MAM) as a collection assistant (2021-2025).<\/p>\n                <\/div>\n            <\/div>\n        <\/div>\n  \n        \n     \n    <\/div>\n    <div class=\"amplia-pessoa\">\n        <button class=\"bt-nav bt-sair\"><img decoding=\"async\" src=\"https:\/\/expomus.com.br\/wp-content\/themes\/tema-expomus\/imgs\/gerais\/ico_galeria-sair.svg\"><span>sair<\/span><\/button>\n        <div class=\"container-pessoa container\">\n        <\/div>\n    <\/div>\n<\/div>\n\n\n\n<div  class=\"custom-block equipe-expomus \">\n    <h2 class=\"tit-secao\">Expomus Network<\/h2>\n    <div class=\"grid-itens\">\n    \n        <div class=\"card-equipe\">\n                    <figure class=\"img-pessoa\">\n                <img loading=\"lazy\" decoding=\"async\" width=\"1654\" height=\"1654\" src=\"https:\/\/expomus.com.br\/wp-content\/uploads\/2023\/03\/Foto-Alexandre-Alves.jpg\" class=\"attachment-large size-large\" alt=\"\" \/>            <\/figure>\n            <div class=\"info-pessoa\">\n                <h3 class=\"nome\">Alexandre Benedito Ign\u00e1cio Alves<\/h3>\n                <span class=\"cargo\">Museum assistant<\/span>\n                <div class=\"mais-info\">\n                    <button class=\"bt-info bt-vermais\" aria-label=\"Clique para ver mais informa\u00e7\u00f5es da pessoa\">\n                        <svg version=\"1.1\" id=\"Camada_1\" xmlns=\"http:\/\/www.w3.org\/2000\/svg\" x=\"0px\" y=\"0px\" viewBox=\"-66.6 174 446.6 446.6\" xml:space=\"preserve\">\n                            <g>\n                                <path d=\"M314.6,239.4c-87.2-87.2-228.6-87.2-315.8,0s-87.2,228.6,0,315.8s228.6,87.2,315.8,0C401.8,467.9,401.8,326.6,314.6,239.4\n                                         M294.9,535.4C110.6,719.6-165.6,443.3,18.6,259.1C202.8,74.9,479.1,351.2,294.9,535.4\"\/>\n                                <polygon points=\"170.7,278.9 142.8,278.9 142.8,383.3 38.4,383.3 38.4,411.2 142.8,411.2 142.8,515.6 170.7,515.6 \n                                                 170.7,411.2 275.1,411.2 275.1,383.3 170.7,383.3 \t\"\/>\n                            <\/g>\n                        <\/svg>\n                    <\/button>\n                                    <\/div>\n                <div class=\"mini-bio\">\n                    <p>He graduated in Artistic Education at FAAP. He is a visual artist and has worked in institutions such as Funda\u00e7\u00e3o Bienal, Museu Afrobrasil Emanoel Ara\u00fajo, Pinacoteca de S\u00e3o Paulo, Centro Cultural S\u00e3o Paulo among others in functions related to production, assembly, logistics and educational. Museological assistant, currently works as a museological advisory assistant at the Santander Brasil Collection.<\/p>\n                <\/div>\n            <\/div>\n        <\/div>\n  \n        \n    \n        <div class=\"card-equipe\">\n                    <figure class=\"img-pessoa\">\n                <img loading=\"lazy\" decoding=\"async\" width=\"1920\" height=\"1536\" src=\"https:\/\/expomus.com.br\/wp-content\/uploads\/2024\/08\/Foto-Camila-Rosso_Corte-1920x1536.jpg\" class=\"attachment-large size-large\" alt=\"\" \/>            <\/figure>\n            <div class=\"info-pessoa\">\n                <h3 class=\"nome\">Camila Rosso<\/h3>\n                <span class=\"cargo\">Cataloguing Technician<\/span>\n                <div class=\"mais-info\">\n                    <button class=\"bt-info bt-vermais\" aria-label=\"Clique para ver mais informa\u00e7\u00f5es da pessoa\">\n                        <svg version=\"1.1\" id=\"Camada_1\" xmlns=\"http:\/\/www.w3.org\/2000\/svg\" x=\"0px\" y=\"0px\" viewBox=\"-66.6 174 446.6 446.6\" xml:space=\"preserve\">\n                            <g>\n                                <path d=\"M314.6,239.4c-87.2-87.2-228.6-87.2-315.8,0s-87.2,228.6,0,315.8s228.6,87.2,315.8,0C401.8,467.9,401.8,326.6,314.6,239.4\n                                         M294.9,535.4C110.6,719.6-165.6,443.3,18.6,259.1C202.8,74.9,479.1,351.2,294.9,535.4\"\/>\n                                <polygon points=\"170.7,278.9 142.8,278.9 142.8,383.3 38.4,383.3 38.4,411.2 142.8,411.2 142.8,515.6 170.7,515.6 \n                                                 170.7,411.2 275.1,411.2 275.1,383.3 170.7,383.3 \t\"\/>\n                            <\/g>\n                        <\/svg>\n                    <\/button>\n                                    <\/div>\n                <div class=\"mini-bio\">\n                    <p>Graduated in Museology from the Federal University of Bahia in 2023, she is pursuing an MBA in Museum Management and Innovation at UniMais and works on projects at the Expomus Collections Center. He was a young apprentice at the<br \/>\nSantander Cultural Collection in 2015 and participated in the inventory process of the MAM collection &#8211; Museum of Modern Art of S\u00e3o Paulo in 2021. In Salvador, she works as a collaborator of the Carlos and Margarida Costa Pinto Museum and Tecnomuseu.<\/p>\n                <\/div>\n            <\/div>\n        <\/div>\n  \n        \n    \n        <div class=\"card-equipe\">\n                    <figure class=\"img-pessoa\">\n                <img loading=\"lazy\" decoding=\"async\" width=\"1600\" height=\"1200\" src=\"https:\/\/expomus.com.br\/wp-content\/uploads\/2023\/03\/Foto-Mauricio-Mendes-e1678552880450.jpg\" class=\"attachment-large size-large\" alt=\"\" \/>            <\/figure>\n            <div class=\"info-pessoa\">\n                <h3 class=\"nome\">Mauricio Mendes<\/h3>\n                <span class=\"cargo\">Historian and documentary ist<\/span>\n                <div class=\"mais-info\">\n                    <button class=\"bt-info bt-vermais\" aria-label=\"Clique para ver mais informa\u00e7\u00f5es da pessoa\">\n                        <svg version=\"1.1\" id=\"Camada_1\" xmlns=\"http:\/\/www.w3.org\/2000\/svg\" x=\"0px\" y=\"0px\" viewBox=\"-66.6 174 446.6 446.6\" xml:space=\"preserve\">\n                            <g>\n                                <path d=\"M314.6,239.4c-87.2-87.2-228.6-87.2-315.8,0s-87.2,228.6,0,315.8s228.6,87.2,315.8,0C401.8,467.9,401.8,326.6,314.6,239.4\n                                         M294.9,535.4C110.6,719.6-165.6,443.3,18.6,259.1C202.8,74.9,479.1,351.2,294.9,535.4\"\/>\n                                <polygon points=\"170.7,278.9 142.8,278.9 142.8,383.3 38.4,383.3 38.4,411.2 142.8,411.2 142.8,515.6 170.7,515.6 \n                                                 170.7,411.2 275.1,411.2 275.1,383.3 170.7,383.3 \t\"\/>\n                            <\/g>\n                        <\/svg>\n                    <\/button>\n                                    <\/div>\n                <div class=\"mini-bio\">\n                    <p>Responsible for gathering, organizing, identifying and disseminating the historical records related to the trajectory of Banco Santander Brasil. He holds a Bachelor&#8217;s degree and a degree in History from USP. Since 2009 he has been working in the area of memory preservation, with experience in management, institutional memory and development of a tool for collection management. With multipurpose training, it adds knowledge in the area of humanity and technology. Worked in several companies in organization \/ extroversion of collection, historical survey and content production.<\/p>\n                <\/div>\n            <\/div>\n        <\/div>\n  \n        \n    \n        <div class=\"card-equipe\">\n                    <figure class=\"img-pessoa\">\n                <img loading=\"lazy\" decoding=\"async\" width=\"1440\" height=\"1920\" src=\"https:\/\/expomus.com.br\/wp-content\/uploads\/2023\/02\/Berit_foto-para-site-Expomus-1440x1920.jpg\" class=\"attachment-large size-large\" alt=\"\" \/>            <\/figure>\n            <div class=\"info-pessoa\">\n                <h3 class=\"nome\">Berit Oliveira<\/h3>\n                <span class=\"cargo\">Cataloguing Technician<\/span>\n                <div class=\"mais-info\">\n                    <button class=\"bt-info bt-vermais\" aria-label=\"Clique para ver mais informa\u00e7\u00f5es da pessoa\">\n                        <svg version=\"1.1\" id=\"Camada_1\" xmlns=\"http:\/\/www.w3.org\/2000\/svg\" x=\"0px\" y=\"0px\" viewBox=\"-66.6 174 446.6 446.6\" xml:space=\"preserve\">\n                            <g>\n                                <path d=\"M314.6,239.4c-87.2-87.2-228.6-87.2-315.8,0s-87.2,228.6,0,315.8s228.6,87.2,315.8,0C401.8,467.9,401.8,326.6,314.6,239.4\n                                         M294.9,535.4C110.6,719.6-165.6,443.3,18.6,259.1C202.8,74.9,479.1,351.2,294.9,535.4\"\/>\n                                <polygon points=\"170.7,278.9 142.8,278.9 142.8,383.3 38.4,383.3 38.4,411.2 142.8,411.2 142.8,515.6 170.7,515.6 \n                                                 170.7,411.2 275.1,411.2 275.1,383.3 170.7,383.3 \t\"\/>\n                            <\/g>\n                        <\/svg>\n                    <\/button>\n                                        <a href=\"https:\/\/www.linkedin.com\/in\/berit-oliveira\/?originalSubdomain=br\" target=\"_blank\" class=\"bt-info\" aria-label=\"Link para o perfil da pessoa no LinkedIn\">\n                        <svg version=\"1.1\" xmlns=\"http:\/\/www.w3.org\/2000\/svg\" x=\"0px\" y=\"0px\" viewBox=\"0 0 39.6 39.6\" xml:space=\"preserve\">\n                            <g class=\"ico\">\n                                <path d=\"M19.8,0C8.9,0,0,8.9,0,19.8s8.9,19.8,19.8,19.8c10.9,0,19.8-8.9,19.8-19.8S30.7,0,19.8,0 M15.1,28.3h-3.9V15.5\n                                         h3.9V28.3z M13.1,13.9c-1.3,0-2.3-1.1-2.3-2.3c0-1.3,1-2.3,2.3-2.3c1.3,0,2.3,1.1,2.3,2.3C15.4,12.8,14.4,13.9,13.1,13.9\n                                         M29.8,28.3h-3.9v-6.7c0-1.8-0.7-2.9-2.1-2.9c-1.6,0-2.4,1.1-2.4,2.9v6.7h-3.8V15.5h3.8v1.7c0,0,1.1-2.1,3.8-2.1s4.6,1.6,4.6,5.1\n                                         V28.3z\"\/>\n                            <\/g>\n                        <\/svg>\n                    <\/a>\n                                    <\/div>\n                <div class=\"mini-bio\">\n                    <div>Museology technique and bachelor&#8217;s degree in Fine Arts, with postgraduate degree in Conservation and Restoration of Graphic Materials. Performs work of sanitation of collection, preparation of conservation reports, cataloguing and research.<\/div>\n<div><\/div>\n<div>He has worked in several cultural institutions such as The City Of S\u00e3o Paulo Museum, Brazilian House Museum and Immigration Museum. Since 2016 she has been a collaborator of Expomus, having worked in the management of an institutional technical reserve, performing daily activities of handling, packaging and packaging of works of art, as well as monitoring of transportation and installation.<\/div>\n<div><\/div>\n<div>He also participated in the process of inventory, standardization and review of information from the entire collection of the Museum of Modern Art of S\u00e3o Paulo. It currently supports the private collections of which Expomus manage.<\/div>\n                <\/div>\n            <\/div>\n        <\/div>\n  \n        \n    \n        <div class=\"card-equipe\">\n                    <figure class=\"img-pessoa\">\n                <img loading=\"lazy\" decoding=\"async\" width=\"960\" height=\"1280\" src=\"https:\/\/expomus.com.br\/wp-content\/uploads\/2025\/10\/IMG-20250927-WA0034.jpg\" class=\"attachment-large size-large\" alt=\"\" \/>            <\/figure>\n            <div class=\"info-pessoa\">\n                <h3 class=\"nome\">Gabriel Santana de Freitas<\/h3>\n                <span class=\"cargo\">Documentalist and Conservator-Restorer<\/span>\n                <div class=\"mais-info\">\n                    <button class=\"bt-info bt-vermais\" aria-label=\"Clique para ver mais informa\u00e7\u00f5es da pessoa\">\n                        <svg version=\"1.1\" id=\"Camada_1\" xmlns=\"http:\/\/www.w3.org\/2000\/svg\" x=\"0px\" y=\"0px\" viewBox=\"-66.6 174 446.6 446.6\" xml:space=\"preserve\">\n                            <g>\n                                <path d=\"M314.6,239.4c-87.2-87.2-228.6-87.2-315.8,0s-87.2,228.6,0,315.8s228.6,87.2,315.8,0C401.8,467.9,401.8,326.6,314.6,239.4\n                                         M294.9,535.4C110.6,719.6-165.6,443.3,18.6,259.1C202.8,74.9,479.1,351.2,294.9,535.4\"\/>\n                                <polygon points=\"170.7,278.9 142.8,278.9 142.8,383.3 38.4,383.3 38.4,411.2 142.8,411.2 142.8,515.6 170.7,515.6 \n                                                 170.7,411.2 275.1,411.2 275.1,383.3 170.7,383.3 \t\"\/>\n                            <\/g>\n                        <\/svg>\n                    <\/button>\n                                        <a href=\"https:\/\/www.linkedin.com\/in\/gabriel-santana-de-freitas-172310101\" target=\"_blank\" class=\"bt-info\" aria-label=\"Link para o perfil da pessoa no LinkedIn\">\n                        <svg version=\"1.1\" xmlns=\"http:\/\/www.w3.org\/2000\/svg\" x=\"0px\" y=\"0px\" viewBox=\"0 0 39.6 39.6\" xml:space=\"preserve\">\n                            <g class=\"ico\">\n                                <path d=\"M19.8,0C8.9,0,0,8.9,0,19.8s8.9,19.8,19.8,19.8c10.9,0,19.8-8.9,19.8-19.8S30.7,0,19.8,0 M15.1,28.3h-3.9V15.5\n                                         h3.9V28.3z M13.1,13.9c-1.3,0-2.3-1.1-2.3-2.3c0-1.3,1-2.3,2.3-2.3c1.3,0,2.3,1.1,2.3,2.3C15.4,12.8,14.4,13.9,13.1,13.9\n                                         M29.8,28.3h-3.9v-6.7c0-1.8-0.7-2.9-2.1-2.9c-1.6,0-2.4,1.1-2.4,2.9v6.7h-3.8V15.5h3.8v1.7c0,0,1.1-2.1,3.8-2.1s4.6,1.6,4.6,5.1\n                                         V28.3z\"\/>\n                            <\/g>\n                        <\/svg>\n                    <\/a>\n                                    <\/div>\n                <div class=\"mini-bio\">\n                    <p>Bachelor and degree in History from FFLCH-USP, he is studying the technician in Museology at ETEC. He did an Erasmus exchange in Portugal studying Associations of Friends of Museums. He works in the documentation, preventive conservation and restoration of the Santander Brasil Collection &#8211; Banking Memory Center. He has experience in collections from several institutions such as MAE-USP, the Pinacoteca de S\u00e3o Paulo and FAPESP.<\/p>\n                <\/div>\n            <\/div>\n        <\/div>\n  \n        \n    \n        <div class=\"card-equipe\">\n                    <figure class=\"img-pessoa\">\n                <img loading=\"lazy\" decoding=\"async\" width=\"828\" height=\"920\" src=\"https:\/\/expomus.com.br\/wp-content\/uploads\/2025\/10\/3D307C8E-28E0-4B1E-B41D-4AE4627754D8-1.png\" class=\"attachment-large size-large\" alt=\"\" \/>            <\/figure>\n            <div class=\"info-pessoa\">\n                <h3 class=\"nome\">Laura do Carmo Barroso<\/h3>\n                <span class=\"cargo\">Collection Manager<\/span>\n                <div class=\"mais-info\">\n                    <button class=\"bt-info bt-vermais\" aria-label=\"Clique para ver mais informa\u00e7\u00f5es da pessoa\">\n                        <svg version=\"1.1\" id=\"Camada_1\" xmlns=\"http:\/\/www.w3.org\/2000\/svg\" x=\"0px\" y=\"0px\" viewBox=\"-66.6 174 446.6 446.6\" xml:space=\"preserve\">\n                            <g>\n                                <path d=\"M314.6,239.4c-87.2-87.2-228.6-87.2-315.8,0s-87.2,228.6,0,315.8s228.6,87.2,315.8,0C401.8,467.9,401.8,326.6,314.6,239.4\n                                         M294.9,535.4C110.6,719.6-165.6,443.3,18.6,259.1C202.8,74.9,479.1,351.2,294.9,535.4\"\/>\n                                <polygon points=\"170.7,278.9 142.8,278.9 142.8,383.3 38.4,383.3 38.4,411.2 142.8,411.2 142.8,515.6 170.7,515.6 \n                                                 170.7,411.2 275.1,411.2 275.1,383.3 170.7,383.3 \t\"\/>\n                            <\/g>\n                        <\/svg>\n                    <\/button>\n                                    <\/div>\n                <div class=\"mini-bio\">\n                    <p>Graduated in Museology and technician in Library Science, she is part of the second class of the Conservation and Restoration of Fine Arts undergraduate course. He participated in practical classes at the Jockey Club on restoration and was an apprentice of restorer Ivo Salom\u00e3o. She has experience in art education at Farol Santander and CCBB-SP, in addition to having worked on important documentary collections, such as those of the IIEP and the Funda\u00e7\u00e3o Bienal de S\u00e3o Paulo.<\/p>\n                <\/div>\n            <\/div>\n        <\/div>\n  \n        \n     \n    <\/div>\n    <div class=\"amplia-pessoa\">\n        <button class=\"bt-nav bt-sair\"><img decoding=\"async\" src=\"https:\/\/expomus.com.br\/wp-content\/themes\/tema-expomus\/imgs\/gerais\/ico_galeria-sair.svg\"><span>sair<\/span><\/button>\n        <div class=\"container-pessoa container\">\n        <\/div>\n    <\/div>\n<\/div>\n\n\n","protected":false},"excerpt":{"rendered":"Our group of collaborators is formed by an interdisciplinary team and consultants specialized in various areas of knowledge \u2013 which impresses our achievements an innovative and collaborative character, from conceptualization to the final evaluation of each project. Acting in collaboration is the soul of Expomus. We work with a network of professional partners, specialists in [&hellip;]","protected":false},"author":1,"featured_media":453,"parent":0,"menu_order":0,"comment_status":"closed","ping_status":"closed","template":"","meta":{"inline_featured_image":false,"footnotes":""},"class_list":["post-573","page","type-page","status-publish","has-post-thumbnail","hentry"],"acf":[],"yoast_head":"<!-- This site is optimized with the Yoast SEO plugin v19.13 - https:\/\/yoast.com\/wordpress\/plugins\/seo\/ -->\n<title>Team | Expomus<\/title>\n<meta name=\"robots\" content=\"index, follow, max-snippet:-1, max-image-preview:large, max-video-preview:-1\" \/>\n<link rel=\"canonical\" href=\"https:\/\/expomus.com.br\/en\/team\/\" \/>\n<meta property=\"og:locale\" content=\"en_US\" \/>\n<meta property=\"og:type\" content=\"article\" \/>\n<meta property=\"og:title\" content=\"Team | Expomus\" \/>\n<meta property=\"og:description\" content=\"Our group of collaborators is formed by an interdisciplinary team and consultants specialized in various areas of knowledge \u2013 which impresses our achievements an innovative and collaborative character, from conceptualization to the final evaluation of each project. Acting in collaboration is the soul of Expomus. We work with a network of professional partners, specialists in [&hellip;]\" \/>\n<meta property=\"og:url\" content=\"https:\/\/expomus.com.br\/en\/team\/\" \/>\n<meta property=\"og:site_name\" content=\"Expomus\" \/>\n<meta property=\"article:publisher\" content=\"https:\/\/facebook.com\/Expomus\" \/>\n<meta property=\"article:modified_time\" content=\"2026-03-14T22:21:20+00:00\" \/>\n<meta property=\"og:image\" content=\"https:\/\/expomus.com.br\/wp-content\/uploads\/2023\/01\/equipe.jpg\" \/>\n\t<meta property=\"og:image:width\" content=\"1903\" \/>\n\t<meta property=\"og:image:height\" content=\"700\" \/>\n\t<meta property=\"og:image:type\" content=\"image\/jpeg\" \/>\n<meta name=\"twitter:card\" content=\"summary_large_image\" \/>\n<script type=\"application\/ld+json\" class=\"yoast-schema-graph\">{\"@context\":\"https:\/\/schema.org\",\"@graph\":[{\"@type\":\"WebPage\",\"@id\":\"https:\/\/expomus.com.br\/en\/team\/\",\"url\":\"https:\/\/expomus.com.br\/en\/team\/\",\"name\":\"Team | Expomus\",\"isPartOf\":{\"@id\":\"https:\/\/expomus.com.br\/en\/#website\"},\"datePublished\":\"2023-01-14T01:18:06+00:00\",\"dateModified\":\"2026-03-14T22:21:20+00:00\",\"breadcrumb\":{\"@id\":\"https:\/\/expomus.com.br\/en\/team\/#breadcrumb\"},\"inLanguage\":\"en-US\",\"potentialAction\":[{\"@type\":\"ReadAction\",\"target\":[\"https:\/\/expomus.com.br\/en\/team\/\"]}]},{\"@type\":\"BreadcrumbList\",\"@id\":\"https:\/\/expomus.com.br\/en\/team\/#breadcrumb\",\"itemListElement\":[{\"@type\":\"ListItem\",\"position\":1,\"name\":\"In\u00edcio\",\"item\":\"https:\/\/expomus.com.br\/en\/\"},{\"@type\":\"ListItem\",\"position\":2,\"name\":\"Team\"}]},{\"@type\":\"WebSite\",\"@id\":\"https:\/\/expomus.com.br\/en\/#website\",\"url\":\"https:\/\/expomus.com.br\/en\/\",\"name\":\"Expomus\",\"description\":\"\",\"publisher\":{\"@id\":\"https:\/\/expomus.com.br\/en\/#organization\"},\"alternateName\":\"Expomus\",\"potentialAction\":[{\"@type\":\"SearchAction\",\"target\":{\"@type\":\"EntryPoint\",\"urlTemplate\":\"https:\/\/expomus.com.br\/en\/?s={search_term_string}\"},\"query-input\":\"required name=search_term_string\"}],\"inLanguage\":\"en-US\"},{\"@type\":\"Organization\",\"@id\":\"https:\/\/expomus.com.br\/en\/#organization\",\"name\":\"Expomus\",\"alternateName\":\"Expomus\",\"url\":\"https:\/\/expomus.com.br\/en\/\",\"logo\":{\"@type\":\"ImageObject\",\"inLanguage\":\"en-US\",\"@id\":\"https:\/\/expomus.com.br\/en\/#\/schema\/logo\/image\/\",\"url\":\"http:\/\/expomus.com.br\/wp-content\/uploads\/2023\/01\/logo-expomus.svg\",\"contentUrl\":\"http:\/\/expomus.com.br\/wp-content\/uploads\/2023\/01\/logo-expomus.svg\",\"width\":\"1920\",\"height\":\"1920\",\"caption\":\"Expomus\"},\"image\":{\"@id\":\"https:\/\/expomus.com.br\/en\/#\/schema\/logo\/image\/\"},\"sameAs\":[\"https:\/\/www.instagram.com\/expomus\/\",\"https:\/\/www.linkedin.com\/company\/expomus\/\",\"https:\/\/facebook.com\/Expomus\"]}]}<\/script>\n<!-- \/ Yoast SEO plugin. -->","yoast_head_json":{"title":"Team | Expomus","robots":{"index":"index","follow":"follow","max-snippet":"max-snippet:-1","max-image-preview":"max-image-preview:large","max-video-preview":"max-video-preview:-1"},"canonical":"https:\/\/expomus.com.br\/en\/team\/","og_locale":"en_US","og_type":"article","og_title":"Team | Expomus","og_description":"Our group of collaborators is formed by an interdisciplinary team and consultants specialized in various areas of knowledge \u2013 which impresses our achievements an innovative and collaborative character, from conceptualization to the final evaluation of each project. Acting in collaboration is the soul of Expomus. We work with a network of professional partners, specialists in [&hellip;]","og_url":"https:\/\/expomus.com.br\/en\/team\/","og_site_name":"Expomus","article_publisher":"https:\/\/facebook.com\/Expomus","article_modified_time":"2026-03-14T22:21:20+00:00","og_image":[{"width":1903,"height":700,"url":"https:\/\/expomus.com.br\/wp-content\/uploads\/2023\/01\/equipe.jpg","type":"image\/jpeg"}],"twitter_card":"summary_large_image","schema":{"@context":"https:\/\/schema.org","@graph":[{"@type":"WebPage","@id":"https:\/\/expomus.com.br\/en\/team\/","url":"https:\/\/expomus.com.br\/en\/team\/","name":"Team | Expomus","isPartOf":{"@id":"https:\/\/expomus.com.br\/en\/#website"},"datePublished":"2023-01-14T01:18:06+00:00","dateModified":"2026-03-14T22:21:20+00:00","breadcrumb":{"@id":"https:\/\/expomus.com.br\/en\/team\/#breadcrumb"},"inLanguage":"en-US","potentialAction":[{"@type":"ReadAction","target":["https:\/\/expomus.com.br\/en\/team\/"]}]},{"@type":"BreadcrumbList","@id":"https:\/\/expomus.com.br\/en\/team\/#breadcrumb","itemListElement":[{"@type":"ListItem","position":1,"name":"In\u00edcio","item":"https:\/\/expomus.com.br\/en\/"},{"@type":"ListItem","position":2,"name":"Team"}]},{"@type":"WebSite","@id":"https:\/\/expomus.com.br\/en\/#website","url":"https:\/\/expomus.com.br\/en\/","name":"Expomus","description":"","publisher":{"@id":"https:\/\/expomus.com.br\/en\/#organization"},"alternateName":"Expomus","potentialAction":[{"@type":"SearchAction","target":{"@type":"EntryPoint","urlTemplate":"https:\/\/expomus.com.br\/en\/?s={search_term_string}"},"query-input":"required name=search_term_string"}],"inLanguage":"en-US"},{"@type":"Organization","@id":"https:\/\/expomus.com.br\/en\/#organization","name":"Expomus","alternateName":"Expomus","url":"https:\/\/expomus.com.br\/en\/","logo":{"@type":"ImageObject","inLanguage":"en-US","@id":"https:\/\/expomus.com.br\/en\/#\/schema\/logo\/image\/","url":"http:\/\/expomus.com.br\/wp-content\/uploads\/2023\/01\/logo-expomus.svg","contentUrl":"http:\/\/expomus.com.br\/wp-content\/uploads\/2023\/01\/logo-expomus.svg","width":"1920","height":"1920","caption":"Expomus"},"image":{"@id":"https:\/\/expomus.com.br\/en\/#\/schema\/logo\/image\/"},"sameAs":["https:\/\/www.instagram.com\/expomus\/","https:\/\/www.linkedin.com\/company\/expomus\/","https:\/\/facebook.com\/Expomus"]}]}},"_links":{"self":[{"href":"https:\/\/expomus.com.br\/en\/wp-json\/wp\/v2\/pages\/573","targetHints":{"allow":["GET"]}}],"collection":[{"href":"https:\/\/expomus.com.br\/en\/wp-json\/wp\/v2\/pages"}],"about":[{"href":"https:\/\/expomus.com.br\/en\/wp-json\/wp\/v2\/types\/page"}],"author":[{"embeddable":true,"href":"https:\/\/expomus.com.br\/en\/wp-json\/wp\/v2\/users\/1"}],"replies":[{"embeddable":true,"href":"https:\/\/expomus.com.br\/en\/wp-json\/wp\/v2\/comments?post=573"}],"version-history":[{"count":69,"href":"https:\/\/expomus.com.br\/en\/wp-json\/wp\/v2\/pages\/573\/revisions"}],"predecessor-version":[{"id":1549,"href":"https:\/\/expomus.com.br\/en\/wp-json\/wp\/v2\/pages\/573\/revisions\/1549"}],"wp:featuredmedia":[{"embeddable":true,"href":"https:\/\/expomus.com.br\/en\/wp-json\/wp\/v2\/media\/453"}],"wp:attachment":[{"href":"https:\/\/expomus.com.br\/en\/wp-json\/wp\/v2\/media?parent=573"}],"curies":[{"name":"wp","href":"https:\/\/api.w.org\/{rel}","templated":true}]}}